{"id":11625,"date":"2018-10-18T16:38:31","date_gmt":"2018-10-18T14:38:31","guid":{"rendered":"https:\/\/www.veltec.eu\/kirby-webshop\/ringveer-achterkant-motorhuis-nl66666\/"},"modified":"2024-12-09T17:39:26","modified_gmt":"2024-12-09T15:39:26","slug":"anello-primavera-del-motore-elettrico","status":"publish","type":"product","link":"https:\/\/www.veltec.eu\/it\/product\/anello-primavera-del-motore-elettrico\/","title":{"rendered":"Anello primavera del motore elettrico"},"content":{"rendered":"<h1>Anello primavera del motore elettrico<\/h1>\n<p>Anello primavera del motore elettrico<\/p>\n<p><strong>Questo prodotto \u00e8 adatto per i tipi:<\/strong><\/p>\n<ul>\n<li>Avalir Platinum<\/li>\n<li>Avalir 2<\/li>\n<li>Avalir 1<\/li>\n<li>Sentria 2 (G10D)<\/li>\n<li>Sentria 1 (G10)<\/li>\n<li>Ultimate G Diamond Ed.(G7D or DE)<\/li>\n<li>Ultimate G (G7 or UG)<\/li>\n<li>Generation 6 (G6)<\/li>\n<li>Generation 5 (G5)<\/li>\n<li>Generation 4 (G4)<\/li>\n<li>Generation 3 (G3)<\/li>\n<\/ul>\n<h2>Alloggiamento del motore posteriore con molla ad anello &#8211; Per ogni aspirapolvere Kirby<\/h2>\n<p>La <strong>molla ad anello dell&#8217;alloggiamento posteriore del motore<\/strong> \u00e8 un componente essenziale per il corretto funzionamento dell&#8217;aspirapolvere Kirby. Conosciuta anche come molla a dito del cuscinetto posteriore, questa molla assicura che il cuscinetto posteriore rimanga saldamente in posizione tra il cuscinetto posteriore e l&#8217;alloggiamento del motore. In questo modo il vostro aspirapolvere funziona in modo fluido ed efficiente. Questo prodotto \u00e8 adatto a <strong>tutti i tipi di aspirapolvere Kirby<\/strong> e contribuisce a prolungare la durata dell&#8217;apparecchio.<\/p>\n<p>Qui troverete tutte le <a href=\"https:\/\/www.veltec.eu\/it\/categorie\/kirby-parti-motore\/\">parti del motore Kirby<\/a>.<\/p>\n<h3>Perch\u00e9 l&#8217;alloggiamento del motore posteriore con molla ad anello \u00e8 indispensabile?<\/h3>\n<p>Un aspirapolvere Kirby ben funzionante ha bisogno di un motore forte e stabile. La <strong>molla ad anello<\/strong> svolge un ruolo cruciale in questo senso, perch\u00e9:<\/p>\n<ul>\n<li>Assicura il corretto fissaggio del cuscinetto posteriore.<\/li>\n<li>Previene l&#8217;usura e i danni dovuti all&#8217;attrito.<\/li>\n<li>Contribuisce al funzionamento silenzioso e regolare del vostro aspirapolvere.<\/li>\n<\/ul>\n<p>Soffrite di un motore sferragliante o di un&#8217;aspirazione meno potente? La sostituzione della <strong>molla ad anello del cuscinetto posteriore<\/strong> potrebbe essere la soluzione!<\/p>\n<h3>Adatto per ogni tipo di aspirapolvere Kirby<\/h3>\n<p>Sia che abbiate un vecchio modello di aspirapolvere Kirby o una delle versioni pi\u00f9 recenti, questa <strong>molla ad anello<\/strong> si adatta perfettamente. Grazie all&#8217;utilizzo di materiali di alta qualit\u00e0, la molla \u00e8 resistente all&#8217;usura e all&#8217;uso intensivo. Inoltre, l&#8217;installazione \u00e8 facile anche se non si ha esperienza tecnica.<\/p>\n<h3>Vantaggi della sostituzione della molla ad anello<\/h3>\n<p>La sostituzione tempestiva della molla ad anello presenta diversi vantaggi:<\/p>\n<ol>\n<li><strong>Efficienza<\/strong>: il vostro aspirapolvere funzioner\u00e0 di nuovo in modo ottimale e aspirer\u00e0 lo sporco in modo potente.<\/li>\n<li><strong>Durata<\/strong>: evita ulteriori danni ad altre parti.<\/li>\n<li><strong>Risparmio sui costi<\/strong>: effettuando una piccola riparazione, si evitano costose sostituzioni di parti pi\u00f9 grandi.<\/li>\n<\/ol>\n<h3>Ordinate oggi stesso l&#8217;alloggiamento del motore posteriore con molla ad anello!<\/h3>\n<p>Non esitate pi\u00f9 e date al vostro aspirapolvere Kirby la cura che merita. Con questa molla ad anello prolungherete la vita del vostro apparecchio e godrete di nuovo di prestazioni potenti. <strong>Ordinate ora e provate la differenza!<\/strong><\/p>\n<p>Con la <strong>molla ad anello<\/strong> potete essere sicuri che il vostro aspirapolvere Kirby funzioni sempre alla massima potenza.<\/p>\n","protected":false},"excerpt":{"rendered":"<p>Anello primavera del motore elettrico.<\/p>\n[trustindex data-widget-id=de4365f24f22281a6b165ed75b0]\n<h3><span style=\"color: #008000;\"><br \/>\nIn magazzino<\/span><\/h3>\n[av_font_icon icon='ue812' font='entypo-fontello' style='' caption='' size='25px' position='left' color='#43ad66' link='' linktarget='' title_attr='' sonar_effect_effect='' sonar_effect_color='' sonar_effect_duration='1' sonar_effect_scale='' sonar_effect_opac='0.5' animation='' id='' custom_class='' template_class='' av_uid='' sc_version='1.0' admin_preview_bg=''][\/av_font_icon]\n<p><span style=\"color: #008000;\">Ordinato prima della 23:59, spedito domani<\/span><\/p>\n<p>&nbsp;<\/p>\n","protected":false},"featured_media":91578,"comment_status":"open","ping_status":"closed","template":"","meta":[],"product_brand":[],"product_cat":[361],"product_tag":[],"class_list":{"0":"post-11625","1":"product","2":"type-product","3":"status-publish","4":"has-post-thumbnail","6":"product_cat-kirby-parti-motore","7":"product_shipping_class-klein-it","9":"first","10":"instock","11":"taxable","12":"shipping-taxable","13":"purchasable","14":"product-type-simple"},"yoast_head":"<!-- This site is optimized with the Yoast SEO Premium plugin v27.1 (Yoast SEO v27.4) - https:\/\/yoast.com\/product\/yoast-seo-premium-wordpress\/ -->\n<title>Anello primavera del motore elettrico - Veltec Kirby specialist<\/title>\n<meta name=\"description\" content=\"Anello primavera del motore elettrico - Veltec \u00e8 il fornitore delle aspirapolveri Kirby da oltre 25 anni. Ed \u00e8 il tuo fidato specialista\" \/>\n<meta name=\"robots\" content=\"index, follow, max-snippet:-1, max-image-preview:large, max-video-preview:-1\" \/>\n<link rel=\"canonical\" href=\"https:\/\/www.veltec.eu\/it\/product\/anello-primavera-del-motore-elettrico\/\" \/>\n<meta property=\"og:locale\" content=\"it_IT\" \/>\n<meta property=\"og:type\" content=\"article\" \/>\n<meta property=\"og:title\" content=\"Anello primavera del motore elettrico\" \/>\n<meta property=\"og:description\" content=\"Anello primavera del motore elettrico.    In magazzino   Ordinato prima della 23:59, spedito domani  &nbsp;\" \/>\n<meta property=\"og:url\" content=\"https:\/\/www.veltec.eu\/it\/product\/anello-primavera-del-motore-elettrico\/\" \/>\n<meta property=\"og:site_name\" content=\"Veltec Kirby specialist\" \/>\n<meta property=\"article:publisher\" content=\"https:\/\/www.facebook.com\/Veltec-Kirby-Specialist-236746293374877\/\" \/>\n<meta property=\"article:modified_time\" content=\"2024-12-09T15:39:26+00:00\" \/>\n<meta property=\"og:image\" content=\"https:\/\/www.veltec.eu\/wp-content\/uploads\/2018\/10\/Kirby-springveer.jpg\" \/>\n\t<meta property=\"og:image:width\" content=\"600\" \/>\n\t<meta property=\"og:image:height\" content=\"600\" \/>\n\t<meta property=\"og:image:type\" content=\"image\/jpeg\" \/>\n<meta name=\"twitter:card\" content=\"summary_large_image\" \/>\n<meta name=\"twitter:label1\" content=\"Tempo di lettura stimato\" \/>\n\t<meta name=\"twitter:data1\" content=\"3 minuti\" \/>\n<script type=\"application\/ld+json\" class=\"yoast-schema-graph\">{\"@context\":\"https:\\\/\\\/schema.org\",\"@graph\":[{\"@type\":\"WebPage\",\"@id\":\"https:\\\/\\\/www.veltec.eu\\\/it\\\/product\\\/anello-primavera-del-motore-elettrico\\\/\",\"url\":\"https:\\\/\\\/www.veltec.eu\\\/it\\\/product\\\/anello-primavera-del-motore-elettrico\\\/\",\"name\":\"Anello primavera del motore elettrico - Veltec Kirby specialist\",\"isPartOf\":{\"@id\":\"https:\\\/\\\/www.veltec.eu\\\/en\\\/#website\"},\"primaryImageOfPage\":{\"@id\":\"https:\\\/\\\/www.veltec.eu\\\/it\\\/product\\\/anello-primavera-del-motore-elettrico\\\/#primaryimage\"},\"image\":{\"@id\":\"https:\\\/\\\/www.veltec.eu\\\/it\\\/product\\\/anello-primavera-del-motore-elettrico\\\/#primaryimage\"},\"thumbnailUrl\":\"https:\\\/\\\/www.veltec.eu\\\/wp-content\\\/uploads\\\/2018\\\/10\\\/Kirby-springveer.jpg\",\"datePublished\":\"2018-10-18T14:38:31+00:00\",\"dateModified\":\"2024-12-09T15:39:26+00:00\",\"description\":\"Anello primavera del motore elettrico - Veltec \u00e8 il fornitore delle aspirapolveri Kirby da oltre 25 anni. Ed \u00e8 il tuo fidato specialista\",\"breadcrumb\":{\"@id\":\"https:\\\/\\\/www.veltec.eu\\\/it\\\/product\\\/anello-primavera-del-motore-elettrico\\\/#breadcrumb\"},\"inLanguage\":\"it-IT\",\"potentialAction\":[{\"@type\":\"ReadAction\",\"target\":[\"https:\\\/\\\/www.veltec.eu\\\/it\\\/product\\\/anello-primavera-del-motore-elettrico\\\/\"]}]},{\"@type\":\"ImageObject\",\"inLanguage\":\"it-IT\",\"@id\":\"https:\\\/\\\/www.veltec.eu\\\/it\\\/product\\\/anello-primavera-del-motore-elettrico\\\/#primaryimage\",\"url\":\"https:\\\/\\\/www.veltec.eu\\\/wp-content\\\/uploads\\\/2018\\\/10\\\/Kirby-springveer.jpg\",\"contentUrl\":\"https:\\\/\\\/www.veltec.eu\\\/wp-content\\\/uploads\\\/2018\\\/10\\\/Kirby-springveer.jpg\",\"width\":600,\"height\":600},{\"@type\":\"BreadcrumbList\",\"@id\":\"https:\\\/\\\/www.veltec.eu\\\/it\\\/product\\\/anello-primavera-del-motore-elettrico\\\/#breadcrumb\",\"itemListElement\":[{\"@type\":\"ListItem\",\"position\":1,\"name\":\"Home\",\"item\":\"https:\\\/\\\/www.veltec.eu\\\/it\\\/\"},{\"@type\":\"ListItem\",\"position\":2,\"name\":\"Produits\",\"item\":\"https:\\\/\\\/www.veltec.eu\\\/fr\\\/shop\\\/\"},{\"@type\":\"ListItem\",\"position\":3,\"name\":\"Anello primavera del motore elettrico\"}]},{\"@type\":\"WebSite\",\"@id\":\"https:\\\/\\\/www.veltec.eu\\\/en\\\/#website\",\"url\":\"https:\\\/\\\/www.veltec.eu\\\/en\\\/\",\"name\":\"Veltec Kirby specialist\",\"description\":\"Kirby stofzuiger producten\",\"publisher\":{\"@id\":\"https:\\\/\\\/www.veltec.eu\\\/en\\\/#organization\"},\"potentialAction\":[{\"@type\":\"SearchAction\",\"target\":{\"@type\":\"EntryPoint\",\"urlTemplate\":\"https:\\\/\\\/www.veltec.eu\\\/en\\\/?s={search_term_string}\"},\"query-input\":{\"@type\":\"PropertyValueSpecification\",\"valueRequired\":true,\"valueName\":\"search_term_string\"}}],\"inLanguage\":\"it-IT\"},{\"@type\":\"Organization\",\"@id\":\"https:\\\/\\\/www.veltec.eu\\\/en\\\/#organization\",\"name\":\"Veltec Kirby Specialist\",\"url\":\"https:\\\/\\\/www.veltec.eu\\\/en\\\/\",\"logo\":{\"@type\":\"ImageObject\",\"inLanguage\":\"it-IT\",\"@id\":\"https:\\\/\\\/www.veltec.eu\\\/en\\\/#\\\/schema\\\/logo\\\/image\\\/\",\"url\":\"https:\\\/\\\/www.veltec.eu\\\/wp-content\\\/uploads\\\/2021\\\/12\\\/Veltec-log-groot-e1537260889125.png\",\"contentUrl\":\"https:\\\/\\\/www.veltec.eu\\\/wp-content\\\/uploads\\\/2021\\\/12\\\/Veltec-log-groot-e1537260889125.png\",\"width\":200,\"height\":60,\"caption\":\"Veltec Kirby Specialist\"},\"image\":{\"@id\":\"https:\\\/\\\/www.veltec.eu\\\/en\\\/#\\\/schema\\\/logo\\\/image\\\/\"},\"sameAs\":[\"https:\\\/\\\/www.facebook.com\\\/Veltec-Kirby-Specialist-236746293374877\\\/\",\"https:\\\/\\\/www.youtube.com\\\/user\\\/VeltecService\"]}]}<\/script>\n<!-- \/ Yoast SEO Premium plugin. -->","yoast_head_json":{"title":"Anello primavera del motore elettrico - Veltec Kirby specialist","description":"Anello primavera del motore elettrico - Veltec \u00e8 il fornitore delle aspirapolveri Kirby da oltre 25 anni. Ed \u00e8 il tuo fidato specialista","robots":{"index":"index","follow":"follow","max-snippet":"max-snippet:-1","max-image-preview":"max-image-preview:large","max-video-preview":"max-video-preview:-1"},"canonical":"https:\/\/www.veltec.eu\/it\/product\/anello-primavera-del-motore-elettrico\/","og_locale":"it_IT","og_type":"article","og_title":"Anello primavera del motore elettrico","og_description":"Anello primavera del motore elettrico.    In magazzino   Ordinato prima della 23:59, spedito domani  &nbsp;","og_url":"https:\/\/www.veltec.eu\/it\/product\/anello-primavera-del-motore-elettrico\/","og_site_name":"Veltec Kirby specialist","article_publisher":"https:\/\/www.facebook.com\/Veltec-Kirby-Specialist-236746293374877\/","article_modified_time":"2024-12-09T15:39:26+00:00","og_image":[{"width":600,"height":600,"url":"https:\/\/www.veltec.eu\/wp-content\/uploads\/2018\/10\/Kirby-springveer.jpg","type":"image\/jpeg"}],"twitter_card":"summary_large_image","twitter_misc":{"Tempo di lettura stimato":"3 minuti"},"schema":{"@context":"https:\/\/schema.org","@graph":[{"@type":"WebPage","@id":"https:\/\/www.veltec.eu\/it\/product\/anello-primavera-del-motore-elettrico\/","url":"https:\/\/www.veltec.eu\/it\/product\/anello-primavera-del-motore-elettrico\/","name":"Anello primavera del motore elettrico - Veltec Kirby specialist","isPartOf":{"@id":"https:\/\/www.veltec.eu\/en\/#website"},"primaryImageOfPage":{"@id":"https:\/\/www.veltec.eu\/it\/product\/anello-primavera-del-motore-elettrico\/#primaryimage"},"image":{"@id":"https:\/\/www.veltec.eu\/it\/product\/anello-primavera-del-motore-elettrico\/#primaryimage"},"thumbnailUrl":"https:\/\/www.veltec.eu\/wp-content\/uploads\/2018\/10\/Kirby-springveer.jpg","datePublished":"2018-10-18T14:38:31+00:00","dateModified":"2024-12-09T15:39:26+00:00","description":"Anello primavera del motore elettrico - Veltec \u00e8 il fornitore delle aspirapolveri Kirby da oltre 25 anni. Ed \u00e8 il tuo fidato specialista","breadcrumb":{"@id":"https:\/\/www.veltec.eu\/it\/product\/anello-primavera-del-motore-elettrico\/#breadcrumb"},"inLanguage":"it-IT","potentialAction":[{"@type":"ReadAction","target":["https:\/\/www.veltec.eu\/it\/product\/anello-primavera-del-motore-elettrico\/"]}]},{"@type":"ImageObject","inLanguage":"it-IT","@id":"https:\/\/www.veltec.eu\/it\/product\/anello-primavera-del-motore-elettrico\/#primaryimage","url":"https:\/\/www.veltec.eu\/wp-content\/uploads\/2018\/10\/Kirby-springveer.jpg","contentUrl":"https:\/\/www.veltec.eu\/wp-content\/uploads\/2018\/10\/Kirby-springveer.jpg","width":600,"height":600},{"@type":"BreadcrumbList","@id":"https:\/\/www.veltec.eu\/it\/product\/anello-primavera-del-motore-elettrico\/#breadcrumb","itemListElement":[{"@type":"ListItem","position":1,"name":"Home","item":"https:\/\/www.veltec.eu\/it\/"},{"@type":"ListItem","position":2,"name":"Produits","item":"https:\/\/www.veltec.eu\/fr\/shop\/"},{"@type":"ListItem","position":3,"name":"Anello primavera del motore elettrico"}]},{"@type":"WebSite","@id":"https:\/\/www.veltec.eu\/en\/#website","url":"https:\/\/www.veltec.eu\/en\/","name":"Veltec Kirby specialist","description":"Kirby stofzuiger producten","publisher":{"@id":"https:\/\/www.veltec.eu\/en\/#organization"},"potentialAction":[{"@type":"SearchAction","target":{"@type":"EntryPoint","urlTemplate":"https:\/\/www.veltec.eu\/en\/?s={search_term_string}"},"query-input":{"@type":"PropertyValueSpecification","valueRequired":true,"valueName":"search_term_string"}}],"inLanguage":"it-IT"},{"@type":"Organization","@id":"https:\/\/www.veltec.eu\/en\/#organization","name":"Veltec Kirby Specialist","url":"https:\/\/www.veltec.eu\/en\/","logo":{"@type":"ImageObject","inLanguage":"it-IT","@id":"https:\/\/www.veltec.eu\/en\/#\/schema\/logo\/image\/","url":"https:\/\/www.veltec.eu\/wp-content\/uploads\/2021\/12\/Veltec-log-groot-e1537260889125.png","contentUrl":"https:\/\/www.veltec.eu\/wp-content\/uploads\/2021\/12\/Veltec-log-groot-e1537260889125.png","width":200,"height":60,"caption":"Veltec Kirby Specialist"},"image":{"@id":"https:\/\/www.veltec.eu\/en\/#\/schema\/logo\/image\/"},"sameAs":["https:\/\/www.facebook.com\/Veltec-Kirby-Specialist-236746293374877\/","https:\/\/www.youtube.com\/user\/VeltecService"]}]}},"_links":{"self":[{"href":"https:\/\/www.veltec.eu\/it\/wp-json\/wp\/v2\/product\/11625","targetHints":{"allow":["GET"]}}],"collection":[{"href":"https:\/\/www.veltec.eu\/it\/wp-json\/wp\/v2\/product"}],"about":[{"href":"https:\/\/www.veltec.eu\/it\/wp-json\/wp\/v2\/types\/product"}],"replies":[{"embeddable":true,"href":"https:\/\/www.veltec.eu\/it\/wp-json\/wp\/v2\/comments?post=11625"}],"wp:featuredmedia":[{"embeddable":true,"href":"https:\/\/www.veltec.eu\/it\/wp-json\/wp\/v2\/media\/91578"}],"wp:attachment":[{"href":"https:\/\/www.veltec.eu\/it\/wp-json\/wp\/v2\/media?parent=11625"}],"wp:term":[{"taxonomy":"product_brand","embeddable":true,"href":"https:\/\/www.veltec.eu\/it\/wp-json\/wp\/v2\/product_brand?post=11625"},{"taxonomy":"product_cat","embeddable":true,"href":"https:\/\/www.veltec.eu\/it\/wp-json\/wp\/v2\/product_cat?post=11625"},{"taxonomy":"product_tag","embeddable":true,"href":"https:\/\/www.veltec.eu\/it\/wp-json\/wp\/v2\/product_tag?post=11625"}],"curies":[{"name":"wp","href":"https:\/\/api.w.org\/{rel}","templated":true}]}}